{"id":139,"date":"2020-11-06T09:40:02","date_gmt":"2020-11-06T08:40:02","guid":{"rendered":"http:\/\/www.von-wersabe.de\/wordpress\/?page_id=139"},"modified":"2023-03-22T13:31:35","modified_gmt":"2023-03-22T12:31:35","slug":"in-memoriam","status":"publish","type":"page","link":"https:\/\/www.von-wersabe.de\/?page_id=139","title":{"rendered":"In Memoriam"},"content":{"rendered":"\t\t<div data-elementor-type=\"wp-page\" data-elementor-id=\"139\" class=\"elementor elementor-139\">\n\t\t\t\t\t\t<section class=\"elementor-section elementor-top-section elementor-element elementor-element-817f772 elementor-section-boxed elementor-section-height-default elementor-section-height-default\" data-id=\"817f772\" data-element_type=\"section\" data-e-type=\"section\">\n\t\t\t\t\t\t<div class=\"elementor-container elementor-column-gap-default\">\n\t\t\t\t\t<div class=\"elementor-column elementor-col-100 elementor-top-column elementor-element elementor-element-3bb4f17\" data-id=\"3bb4f17\" data-element_type=\"column\" data-e-type=\"column\">\n\t\t\t<div class=\"elementor-widget-wrap elementor-element-populated\">\n\t\t\t\t\t\t<div class=\"elementor-element elementor-element-9dacd13 elementor-hidden-phone elementor-widget elementor-widget-image\" data-id=\"9dacd13\" data-element_type=\"widget\" data-e-type=\"widget\" data-widget_type=\"image.default\">\n\t\t\t\t<div class=\"elementor-widget-container\">\n\t\t\t\t\t\t\t\t\t\t\t\t\t\t\t<img fetchpriority=\"high\" decoding=\"async\" width=\"1919\" height=\"635\" src=\"https:\/\/www.von-wersabe.de\/wp-content\/uploads\/2021\/03\/start-1.jpg\" class=\"attachment-full size-full wp-image-1121\" alt=\"\" srcset=\"https:\/\/www.von-wersabe.de\/wp-content\/uploads\/2021\/03\/start-1.jpg 1919w, https:\/\/www.von-wersabe.de\/wp-content\/uploads\/2021\/03\/start-1-300x99.jpg 300w, https:\/\/www.von-wersabe.de\/wp-content\/uploads\/2021\/03\/start-1-1024x339.jpg 1024w, https:\/\/www.von-wersabe.de\/wp-content\/uploads\/2021\/03\/start-1-768x254.jpg 768w, https:\/\/www.von-wersabe.de\/wp-content\/uploads\/2021\/03\/start-1-1536x508.jpg 1536w, https:\/\/www.von-wersabe.de\/wp-content\/uploads\/2021\/03\/start-1-1200x397.jpg 1200w\" sizes=\"(max-width: 1919px) 100vw, 1919px\" \/>\t\t\t\t\t\t\t\t\t\t\t\t\t\t\t<\/div>\n\t\t\t\t<\/div>\n\t\t\t\t\t<\/div>\n\t\t<\/div>\n\t\t\t\t\t<\/div>\n\t\t<\/section>\n\t\t\t\t<section class=\"elementor-section elementor-top-section elementor-element elementor-element-1e07e45 elementor-hidden-desktop elementor-hidden-tablet elementor-section-boxed elementor-section-height-default elementor-section-height-default\" data-id=\"1e07e45\" data-element_type=\"section\" data-e-type=\"section\">\n\t\t\t\t\t\t<div class=\"elementor-container elementor-column-gap-default\">\n\t\t\t\t\t<div class=\"elementor-column elementor-col-100 elementor-top-column elementor-element elementor-element-4db70b7\" data-id=\"4db70b7\" data-element_type=\"column\" data-e-type=\"column\">\n\t\t\t<div class=\"elementor-widget-wrap elementor-element-populated\">\n\t\t\t\t\t\t<div class=\"elementor-element elementor-element-9983eae elementor-widget elementor-widget-image\" data-id=\"9983eae\" data-element_type=\"widget\" data-e-type=\"widget\" data-widget_type=\"image.default\">\n\t\t\t\t<div class=\"elementor-widget-container\">\n\t\t\t\t\t\t\t\t\t\t\t\t\t\t\t<img decoding=\"async\" width=\"580\" height=\"747\" src=\"https:\/\/www.von-wersabe.de\/wp-content\/uploads\/2021\/03\/start_mobil-795x1024.jpg\" class=\"attachment-large size-large wp-image-1120\" alt=\"\" srcset=\"https:\/\/www.von-wersabe.de\/wp-content\/uploads\/2021\/03\/start_mobil-795x1024.jpg 795w, https:\/\/www.von-wersabe.de\/wp-content\/uploads\/2021\/03\/start_mobil-233x300.jpg 233w, https:\/\/www.von-wersabe.de\/wp-content\/uploads\/2021\/03\/start_mobil-768x989.jpg 768w, https:\/\/www.von-wersabe.de\/wp-content\/uploads\/2021\/03\/start_mobil.jpg 986w\" sizes=\"(max-width: 580px) 100vw, 580px\" \/>\t\t\t\t\t\t\t\t\t\t\t\t\t\t\t<\/div>\n\t\t\t\t<\/div>\n\t\t\t\t\t<\/div>\n\t\t<\/div>\n\t\t\t\t\t<\/div>\n\t\t<\/section>\n\t\t\t\t<section class=\"elementor-section elementor-top-section elementor-element elementor-element-42bccb2 elementor-section-boxed elementor-section-height-default elementor-section-height-default\" data-id=\"42bccb2\" data-element_type=\"section\" data-e-type=\"section\" data-settings=\"{&quot;background_background&quot;:&quot;classic&quot;}\">\n\t\t\t\t\t\t<div class=\"elementor-container elementor-column-gap-default\">\n\t\t\t\t\t<div class=\"elementor-column elementor-col-100 elementor-top-column elementor-element elementor-element-c7ae7cc\" data-id=\"c7ae7cc\" data-element_type=\"column\" data-e-type=\"column\">\n\t\t\t<div class=\"elementor-widget-wrap elementor-element-populated\">\n\t\t\t\t\t\t<div class=\"elementor-element elementor-element-75d4db4 elementor-widget elementor-widget-heading\" data-id=\"75d4db4\" data-element_type=\"widget\" data-e-type=\"widget\" data-widget_type=\"heading.default\">\n\t\t\t\t<div class=\"elementor-widget-container\">\n\t\t\t\t\t<h2 class=\"elementor-heading-title elementor-size-default\">In Memoriam<\/h2>\t\t\t\t<\/div>\n\t\t\t\t<\/div>\n\t\t\t\t\t<\/div>\n\t\t<\/div>\n\t\t\t\t\t<\/div>\n\t\t<\/section>\n\t\t\t\t<section class=\"elementor-section elementor-top-section elementor-element elementor-element-7d8d6f3 elementor-section-boxed elementor-section-height-default elementor-section-height-default\" data-id=\"7d8d6f3\" data-element_type=\"section\" data-e-type=\"section\">\n\t\t\t\t\t\t<div class=\"elementor-container elementor-column-gap-default\">\n\t\t\t\t\t<div class=\"elementor-column elementor-col-100 elementor-top-column elementor-element elementor-element-c4c659a\" data-id=\"c4c659a\" data-element_type=\"column\" data-e-type=\"column\">\n\t\t\t<div class=\"elementor-widget-wrap elementor-element-populated\">\n\t\t\t\t\t\t<div class=\"elementor-element elementor-element-c8619bf elementor-position-top elementor-widget elementor-widget-image-box\" data-id=\"c8619bf\" data-element_type=\"widget\" data-e-type=\"widget\" data-widget_type=\"image-box.default\">\n\t\t\t\t<div class=\"elementor-widget-container\">\n\t\t\t\t\t<div class=\"elementor-image-box-wrapper\"><figure class=\"elementor-image-box-img\"><img decoding=\"async\" width=\"450\" height=\"586\" src=\"https:\/\/www.von-wersabe.de\/wp-content\/uploads\/2022\/08\/WhatsApp-Image-2022-07-31-at-16.47.051-1.jpeg\" class=\"attachment-full size-full wp-image-2532\" alt=\"\" srcset=\"https:\/\/www.von-wersabe.de\/wp-content\/uploads\/2022\/08\/WhatsApp-Image-2022-07-31-at-16.47.051-1.jpeg 450w, https:\/\/www.von-wersabe.de\/wp-content\/uploads\/2022\/08\/WhatsApp-Image-2022-07-31-at-16.47.051-1-230x300.jpeg 230w\" sizes=\"(max-width: 450px) 100vw, 450px\" \/><\/figure><div class=\"elementor-image-box-content\"><h3 class=\"elementor-image-box-title\">Frieda von Wersabe<\/h3><p class=\"elementor-image-box-description\">\ngew\u00f6lft am 25.07.2008 nach Zidane ut Eyther-Land und Anna vom Nienmarkt\nverstorben 30.07.2022\n<\/p><\/div><\/div>\t\t\t\t<\/div>\n\t\t\t\t<\/div>\n\t\t\t\t\t<\/div>\n\t\t<\/div>\n\t\t\t\t\t<\/div>\n\t\t<\/section>\n\t\t\t\t<section class=\"elementor-section elementor-top-section elementor-element elementor-element-4d64985 elementor-section-boxed elementor-section-height-default elementor-section-height-default\" data-id=\"4d64985\" data-element_type=\"section\" data-e-type=\"section\">\n\t\t\t\t\t\t<div class=\"elementor-container elementor-column-gap-default\">\n\t\t\t\t\t<div class=\"elementor-column elementor-col-100 elementor-top-column elementor-element elementor-element-947c2ac\" data-id=\"947c2ac\" data-element_type=\"column\" data-e-type=\"column\">\n\t\t\t<div class=\"elementor-widget-wrap elementor-element-populated\">\n\t\t\t\t\t\t<div class=\"elementor-element elementor-element-25aaf58 elementor-position-top elementor-widget elementor-widget-image-box\" data-id=\"25aaf58\" data-element_type=\"widget\" data-e-type=\"widget\" data-widget_type=\"image-box.default\">\n\t\t\t\t<div class=\"elementor-widget-container\">\n\t\t\t\t\t<div class=\"elementor-image-box-wrapper\"><figure class=\"elementor-image-box-img\"><img loading=\"lazy\" decoding=\"async\" width=\"1200\" height=\"663\" src=\"https:\/\/www.von-wersabe.de\/wp-content\/uploads\/2020\/12\/inmemoriam_4.jpg\" class=\"attachment-full size-full wp-image-399\" alt=\"\" srcset=\"https:\/\/www.von-wersabe.de\/wp-content\/uploads\/2020\/12\/inmemoriam_4.jpg 1200w, https:\/\/www.von-wersabe.de\/wp-content\/uploads\/2020\/12\/inmemoriam_4-300x166.jpg 300w, https:\/\/www.von-wersabe.de\/wp-content\/uploads\/2020\/12\/inmemoriam_4-1024x566.jpg 1024w, https:\/\/www.von-wersabe.de\/wp-content\/uploads\/2020\/12\/inmemoriam_4-768x424.jpg 768w\" sizes=\"(max-width: 1200px) 100vw, 1200px\" \/><\/figure><div class=\"elementor-image-box-content\"><h3 class=\"elementor-image-box-title\">Edda von Wersabe<\/h3><p class=\"elementor-image-box-description\">gew\u00f6lft am 04.05.2007 aus Highlanders Gino und Anna vom Nienmarkt\n<br \/>\nverstorben am 19.08.2019<\/p><\/div><\/div>\t\t\t\t<\/div>\n\t\t\t\t<\/div>\n\t\t\t\t\t<\/div>\n\t\t<\/div>\n\t\t\t\t\t<\/div>\n\t\t<\/section>\n\t\t\t\t<section class=\"elementor-section elementor-top-section elementor-element elementor-element-1840f1d0 elementor-section-content-middle elementor-section-boxed elementor-section-height-default elementor-section-height-default\" data-id=\"1840f1d0\" data-element_type=\"section\" data-e-type=\"section\" data-settings=\"{&quot;background_background&quot;:&quot;classic&quot;}\">\n\t\t\t\t\t\t<div class=\"elementor-container elementor-column-gap-wider\">\n\t\t\t\t\t<div class=\"elementor-column elementor-col-33 elementor-top-column elementor-element elementor-element-634f553d\" data-id=\"634f553d\" data-element_type=\"column\" data-e-type=\"column\">\n\t\t\t<div class=\"elementor-widget-wrap elementor-element-populated\">\n\t\t\t\t\t\t<div class=\"elementor-element elementor-element-6231a912 elementor-widget elementor-widget-image\" data-id=\"6231a912\" data-element_type=\"widget\" data-e-type=\"widget\" data-widget_type=\"image.default\">\n\t\t\t\t<div class=\"elementor-widget-container\">\n\t\t\t\t\t\t\t\t\t\t\t\t\t\t\t<img loading=\"lazy\" decoding=\"async\" width=\"450\" height=\"600\" src=\"https:\/\/www.von-wersabe.de\/wp-content\/uploads\/2020\/12\/inmemoriam_1.jpg\" class=\"attachment-full size-full wp-image-395\" alt=\"\" srcset=\"https:\/\/www.von-wersabe.de\/wp-content\/uploads\/2020\/12\/inmemoriam_1.jpg 450w, https:\/\/www.von-wersabe.de\/wp-content\/uploads\/2020\/12\/inmemoriam_1-225x300.jpg 225w\" sizes=\"(max-width: 450px) 100vw, 450px\" \/>\t\t\t\t\t\t\t\t\t\t\t\t\t\t\t<\/div>\n\t\t\t\t<\/div>\n\t\t\t\t<div class=\"elementor-element elementor-element-57c1819 elementor-widget elementor-widget-icon-box\" data-id=\"57c1819\" data-element_type=\"widget\" data-e-type=\"widget\" data-widget_type=\"icon-box.default\">\n\t\t\t\t<div class=\"elementor-widget-container\">\n\t\t\t\t\t\t\t<div class=\"elementor-icon-box-wrapper\">\n\n\t\t\t\n\t\t\t\t\t\t<div class=\"elementor-icon-box-content\">\n\n\t\t\t\t\t\t\t\t\t<h3 class=\"elementor-icon-box-title\">\n\t\t\t\t\t\t<span  >\n\t\t\t\t\t\t\tAlpha von Wersabe\t\t\t\t\t\t<\/span>\n\t\t\t\t\t<\/h3>\n\t\t\t\t\n\t\t\t\t\t\t\t\t\t<p class=\"elementor-icon-box-description\">\n\t\t\t\t\t\tgew\u00f6lft am 27.06.1999 aus Forester\u00b4s Hemingway of Darkmoor und Undine ut Eyther-Land<br \/>\n\nverstorben am 10.07.2010\t\t\t\t\t<\/p>\n\t\t\t\t\n\t\t\t<\/div>\n\t\t\t\n\t\t<\/div>\n\t\t\t\t\t\t<\/div>\n\t\t\t\t<\/div>\n\t\t\t\t\t<\/div>\n\t\t<\/div>\n\t\t\t\t<div class=\"elementor-column elementor-col-33 elementor-top-column elementor-element elementor-element-38f26058\" data-id=\"38f26058\" data-element_type=\"column\" data-e-type=\"column\">\n\t\t\t<div class=\"elementor-widget-wrap elementor-element-populated\">\n\t\t\t\t\t\t<div class=\"elementor-element elementor-element-6b4fdcab elementor-widget elementor-widget-image\" data-id=\"6b4fdcab\" data-element_type=\"widget\" data-e-type=\"widget\" data-widget_type=\"image.default\">\n\t\t\t\t<div class=\"elementor-widget-container\">\n\t\t\t\t\t\t\t\t\t\t\t\t\t\t\t<img loading=\"lazy\" decoding=\"async\" width=\"450\" height=\"600\" src=\"https:\/\/www.von-wersabe.de\/wp-content\/uploads\/2020\/12\/inmemoriam_2.jpg\" class=\"attachment-full size-full wp-image-396\" alt=\"\" srcset=\"https:\/\/www.von-wersabe.de\/wp-content\/uploads\/2020\/12\/inmemoriam_2.jpg 450w, https:\/\/www.von-wersabe.de\/wp-content\/uploads\/2020\/12\/inmemoriam_2-225x300.jpg 225w\" sizes=\"(max-width: 450px) 100vw, 450px\" \/>\t\t\t\t\t\t\t\t\t\t\t\t\t\t\t<\/div>\n\t\t\t\t<\/div>\n\t\t\t\t<div class=\"elementor-element elementor-element-7f83a6b9 elementor-widget elementor-widget-icon-box\" data-id=\"7f83a6b9\" data-element_type=\"widget\" data-e-type=\"widget\" data-widget_type=\"icon-box.default\">\n\t\t\t\t<div class=\"elementor-widget-container\">\n\t\t\t\t\t\t\t<div class=\"elementor-icon-box-wrapper\">\n\n\t\t\t\n\t\t\t\t\t\t<div class=\"elementor-icon-box-content\">\n\n\t\t\t\t\t\t\t\t\t<h3 class=\"elementor-icon-box-title\">\n\t\t\t\t\t\t<span  >\n\t\t\t\t\t\t\tAnna vom Nienmarkt\t\t\t\t\t\t<\/span>\n\t\t\t\t\t<\/h3>\n\t\t\t\t\n\t\t\t\t\t\t\t\t\t<p class=\"elementor-icon-box-description\">\n\t\t\t\t\t\t gew\u00f6lft am 30.05.2003 aus Caballus Ebonie Blizzard und Ellen from the gordons lodge\n<br \/>\nverstorben am 21.09.2013\t\t\t\t\t<\/p>\n\t\t\t\t\n\t\t\t<\/div>\n\t\t\t\n\t\t<\/div>\n\t\t\t\t\t\t<\/div>\n\t\t\t\t<\/div>\n\t\t\t\t\t<\/div>\n\t\t<\/div>\n\t\t\t\t<div class=\"elementor-column elementor-col-33 elementor-top-column elementor-element elementor-element-67da79fe\" data-id=\"67da79fe\" data-element_type=\"column\" data-e-type=\"column\">\n\t\t\t<div class=\"elementor-widget-wrap elementor-element-populated\">\n\t\t\t\t\t\t<div class=\"elementor-element elementor-element-6837cadc elementor-widget elementor-widget-image\" data-id=\"6837cadc\" data-element_type=\"widget\" data-e-type=\"widget\" data-widget_type=\"image.default\">\n\t\t\t\t<div class=\"elementor-widget-container\">\n\t\t\t\t\t\t\t\t\t\t\t\t\t\t\t<img loading=\"lazy\" decoding=\"async\" width=\"450\" height=\"600\" src=\"https:\/\/www.von-wersabe.de\/wp-content\/uploads\/2020\/12\/inmemoriam_3.jpg\" class=\"attachment-full size-full wp-image-397\" alt=\"\" srcset=\"https:\/\/www.von-wersabe.de\/wp-content\/uploads\/2020\/12\/inmemoriam_3.jpg 450w, https:\/\/www.von-wersabe.de\/wp-content\/uploads\/2020\/12\/inmemoriam_3-225x300.jpg 225w\" sizes=\"(max-width: 450px) 100vw, 450px\" \/>\t\t\t\t\t\t\t\t\t\t\t\t\t\t\t<\/div>\n\t\t\t\t<\/div>\n\t\t\t\t<div class=\"elementor-element elementor-element-709e3ac8 elementor-widget elementor-widget-icon-box\" data-id=\"709e3ac8\" data-element_type=\"widget\" data-e-type=\"widget\" data-widget_type=\"icon-box.default\">\n\t\t\t\t<div class=\"elementor-widget-container\">\n\t\t\t\t\t\t\t<div class=\"elementor-icon-box-wrapper\">\n\n\t\t\t\n\t\t\t\t\t\t<div class=\"elementor-icon-box-content\">\n\n\t\t\t\t\t\t\t\t\t<h3 class=\"elementor-icon-box-title\">\n\t\t\t\t\t\t<span  >\n\t\t\t\t\t\t\tDegenhart von Wersabe  \/ genannt Hunter\t\t\t\t\t\t<\/span>\n\t\t\t\t\t<\/h3>\n\t\t\t\t\n\t\t\t\t\t\t\t\t\t<p class=\"elementor-icon-box-description\">\n\t\t\t\t\t\tgew\u00f6lft 19.07.2006 aus Boyers Shillow und Carla von Wersabe\n<br \/>\nverstorben am 28.03.2018\t\t\t\t\t<\/p>\n\t\t\t\t\n\t\t\t<\/div>\n\t\t\t\n\t\t<\/div>\n\t\t\t\t\t\t<\/div>\n\t\t\t\t<\/div>\n\t\t\t\t\t<\/div>\n\t\t<\/div>\n\t\t\t\t\t<\/div>\n\t\t<\/section>\n\t\t\t\t<section class=\"elementor-section elementor-top-section elementor-element elementor-element-7e82fda elementor-section-boxed elementor-section-height-default elementor-section-height-default\" data-id=\"7e82fda\" data-element_type=\"section\" data-e-type=\"section\">\n\t\t\t\t\t\t<div class=\"elementor-container elementor-column-gap-default\">\n\t\t\t\t\t<div class=\"elementor-column elementor-col-100 elementor-top-column elementor-element elementor-element-c692231\" data-id=\"c692231\" data-element_type=\"column\" data-e-type=\"column\">\n\t\t\t<div class=\"elementor-widget-wrap elementor-element-populated\">\n\t\t\t\t\t\t<div class=\"elementor-element elementor-element-5fb37c2 elementor-widget-divider--view-line elementor-widget elementor-widget-divider\" data-id=\"5fb37c2\" data-element_type=\"widget\" data-e-type=\"widget\" data-widget_type=\"divider.default\">\n\t\t\t\t<div class=\"elementor-widget-container\">\n\t\t\t\t\t\t\t<div class=\"elementor-divider\">\n\t\t\t<span class=\"elementor-divider-separator\">\n\t\t\t\t\t\t<\/span>\n\t\t<\/div>\n\t\t\t\t\t\t<\/div>\n\t\t\t\t<\/div>\n\t\t\t\t\t<\/div>\n\t\t<\/div>\n\t\t\t\t\t<\/div>\n\t\t<\/section>\n\t\t\t\t<section class=\"elementor-section elementor-top-section elementor-element elementor-element-a3c3e00 elementor-section-boxed elementor-section-height-default elementor-section-height-default\" data-id=\"a3c3e00\" data-element_type=\"section\" data-e-type=\"section\">\n\t\t\t\t\t\t<div class=\"elementor-container elementor-column-gap-default\">\n\t\t\t\t\t<div class=\"elementor-column elementor-col-100 elementor-top-column elementor-element elementor-element-466cfda\" data-id=\"466cfda\" data-element_type=\"column\" data-e-type=\"column\">\n\t\t\t<div class=\"elementor-widget-wrap\">\n\t\t\t\t\t\t\t<\/div>\n\t\t<\/div>\n\t\t\t\t\t<\/div>\n\t\t<\/section>\n\t\t\t\t<section class=\"elementor-section elementor-top-section elementor-element elementor-element-d0dab01 elementor-section-boxed elementor-section-height-default elementor-section-height-default\" data-id=\"d0dab01\" data-element_type=\"section\" data-e-type=\"section\">\n\t\t\t\t\t\t<div class=\"elementor-container elementor-column-gap-default\">\n\t\t\t\t\t<div class=\"elementor-column elementor-col-100 elementor-top-column elementor-element elementor-element-efe051c\" data-id=\"efe051c\" data-element_type=\"column\" data-e-type=\"column\">\n\t\t\t<div class=\"elementor-widget-wrap elementor-element-populated\">\n\t\t\t\t\t\t<div class=\"elementor-element elementor-element-2f3dff0 elementor-widget elementor-widget-spacer\" data-id=\"2f3dff0\" data-element_type=\"widget\" data-e-type=\"widget\" data-widget_type=\"spacer.default\">\n\t\t\t\t<div class=\"elementor-widget-container\">\n\t\t\t\t\t\t\t<div class=\"elementor-spacer\">\n\t\t\t<div class=\"elementor-spacer-inner\"><\/div>\n\t\t<\/div>\n\t\t\t\t\t\t<\/div>\n\t\t\t\t<\/div>\n\t\t\t\t\t<\/div>\n\t\t<\/div>\n\t\t\t\t\t<\/div>\n\t\t<\/section>\n\t\t\t\t<section class=\"elementor-section elementor-top-section elementor-element elementor-element-8cea660 elementor-section-boxed elementor-section-height-default elementor-section-height-default\" data-id=\"8cea660\" data-element_type=\"section\" data-e-type=\"section\">\n\t\t\t\t\t\t<div class=\"elementor-container elementor-column-gap-default\">\n\t\t\t\t\t<div class=\"elementor-column elementor-col-100 elementor-top-column elementor-element elementor-element-eee19ed\" data-id=\"eee19ed\" data-element_type=\"column\" data-e-type=\"column\">\n\t\t\t<div class=\"elementor-widget-wrap elementor-element-populated\">\n\t\t\t\t\t\t<div class=\"elementor-element elementor-element-804bc7f elementor-widget elementor-widget-text-editor\" data-id=\"804bc7f\" data-element_type=\"widget\" data-e-type=\"widget\" data-widget_type=\"text-editor.default\">\n\t\t\t\t<div class=\"elementor-widget-container\">\n\t\t\t\t\t\t\t\t\t<p class=\"link\"><a href=\"https:\/\/www.von-wersabe.de\/impressum\/\">Impressum<\/a> | <a href=\"https:\/\/www.von-wersabe.de\/datenschutz\">Datenschutz<\/a><\/p>\t\t\t\t\t\t\t\t<\/div>\n\t\t\t\t<\/div>\n\t\t\t\t\t<\/div>\n\t\t<\/div>\n\t\t\t\t\t<\/div>\n\t\t<\/section>\n\t\t\t\t<\/div>\n\t\t","protected":false},"excerpt":{"rendered":"<p>In Memoriam Frieda von Wersabe gew\u00f6lft am 25.07.2008 nach Zidane ut Eyther-Land und Anna vom Nienmarkt verstorben 30.07.2022 Edda von Wersabe gew\u00f6lft am 04.05.2007 aus Highlanders Gino und Anna vom Nienmarkt verstorben am 19.08.2019 Alpha von Wersabe gew\u00f6lft am 27.06.1999 aus Forester\u00b4s Hemingway of Darkmoor und Undine ut Eyther-Land verstorben am 10.07.2010 Anna vom Nienmarkt [&hellip;]<\/p>\n","protected":false},"author":1,"featured_media":0,"parent":0,"menu_order":0,"comment_status":"closed","ping_status":"closed","template":"elementor_canvas","meta":{"footnotes":""},"class_list":["post-139","page","type-page","status-publish","hentry"],"yoast_head":"<!-- This site is optimized with the Yoast SEO plugin v25.6 - https:\/\/yoast.com\/wordpress\/plugins\/seo\/ -->\n<title>In Memoriam -<\/title>\n<meta name=\"robots\" content=\"index, follow, max-snippet:-1, max-image-preview:large, max-video-preview:-1\" \/>\n<link rel=\"canonical\" href=\"https:\/\/www.von-wersabe.de\/?page_id=139\" \/>\n<meta property=\"og:locale\" content=\"de_DE\" \/>\n<meta property=\"og:type\" content=\"article\" \/>\n<meta property=\"og:title\" content=\"In Memoriam -\" \/>\n<meta property=\"og:description\" content=\"In Memoriam Frieda von Wersabe gew\u00f6lft am 25.07.2008 nach Zidane ut Eyther-Land und Anna vom Nienmarkt verstorben 30.07.2022 Edda von Wersabe gew\u00f6lft am 04.05.2007 aus Highlanders Gino und Anna vom Nienmarkt verstorben am 19.08.2019 Alpha von Wersabe gew\u00f6lft am 27.06.1999 aus Forester\u00b4s Hemingway of Darkmoor und Undine ut Eyther-Land verstorben am 10.07.2010 Anna vom Nienmarkt [&hellip;]\" \/>\n<meta property=\"og:url\" content=\"https:\/\/www.von-wersabe.de\/?page_id=139\" \/>\n<meta property=\"article:modified_time\" content=\"2023-03-22T12:31:35+00:00\" \/>\n<meta property=\"og:image\" content=\"https:\/\/www.von-wersabe.de\/wp-content\/uploads\/2021\/03\/start-1.jpg\" \/>\n<meta name=\"twitter:card\" content=\"summary_large_image\" \/>\n<meta name=\"twitter:label1\" content=\"Gesch\u00e4tzte Lesezeit\" \/>\n\t<meta name=\"twitter:data1\" content=\"2\u00a0Minuten\" \/>\n<script type=\"application\/ld+json\" class=\"yoast-schema-graph\">{\"@context\":\"https:\/\/schema.org\",\"@graph\":[{\"@type\":\"WebPage\",\"@id\":\"https:\/\/www.von-wersabe.de\/?page_id=139\",\"url\":\"https:\/\/www.von-wersabe.de\/?page_id=139\",\"name\":\"In Memoriam -\",\"isPartOf\":{\"@id\":\"https:\/\/www.von-wersabe.de\/#website\"},\"primaryImageOfPage\":{\"@id\":\"https:\/\/www.von-wersabe.de\/?page_id=139#primaryimage\"},\"image\":{\"@id\":\"https:\/\/www.von-wersabe.de\/?page_id=139#primaryimage\"},\"thumbnailUrl\":\"https:\/\/www.von-wersabe.de\/wp-content\/uploads\/2021\/03\/start-1.jpg\",\"datePublished\":\"2020-11-06T08:40:02+00:00\",\"dateModified\":\"2023-03-22T12:31:35+00:00\",\"breadcrumb\":{\"@id\":\"https:\/\/www.von-wersabe.de\/?page_id=139#breadcrumb\"},\"inLanguage\":\"de\",\"potentialAction\":[{\"@type\":\"ReadAction\",\"target\":[\"https:\/\/www.von-wersabe.de\/?page_id=139\"]}]},{\"@type\":\"ImageObject\",\"inLanguage\":\"de\",\"@id\":\"https:\/\/www.von-wersabe.de\/?page_id=139#primaryimage\",\"url\":\"https:\/\/www.von-wersabe.de\/wp-content\/uploads\/2021\/03\/start-1.jpg\",\"contentUrl\":\"https:\/\/www.von-wersabe.de\/wp-content\/uploads\/2021\/03\/start-1.jpg\",\"width\":1919,\"height\":635},{\"@type\":\"BreadcrumbList\",\"@id\":\"https:\/\/www.von-wersabe.de\/?page_id=139#breadcrumb\",\"itemListElement\":[{\"@type\":\"ListItem\",\"position\":1,\"name\":\"Startseite\",\"item\":\"https:\/\/www.von-wersabe.de\/\"},{\"@type\":\"ListItem\",\"position\":2,\"name\":\"In Memoriam\"}]},{\"@type\":\"WebSite\",\"@id\":\"https:\/\/www.von-wersabe.de\/#website\",\"url\":\"https:\/\/www.von-wersabe.de\/\",\"name\":\"von-wersabe.de\",\"description\":\"\",\"potentialAction\":[{\"@type\":\"SearchAction\",\"target\":{\"@type\":\"EntryPoint\",\"urlTemplate\":\"https:\/\/www.von-wersabe.de\/?s={search_term_string}\"},\"query-input\":{\"@type\":\"PropertyValueSpecification\",\"valueRequired\":true,\"valueName\":\"search_term_string\"}}],\"inLanguage\":\"de\"}]}<\/script>\n<!-- \/ Yoast SEO plugin. -->","yoast_head_json":{"title":"In Memoriam -","robots":{"index":"index","follow":"follow","max-snippet":"max-snippet:-1","max-image-preview":"max-image-preview:large","max-video-preview":"max-video-preview:-1"},"canonical":"https:\/\/www.von-wersabe.de\/?page_id=139","og_locale":"de_DE","og_type":"article","og_title":"In Memoriam -","og_description":"In Memoriam Frieda von Wersabe gew\u00f6lft am 25.07.2008 nach Zidane ut Eyther-Land und Anna vom Nienmarkt verstorben 30.07.2022 Edda von Wersabe gew\u00f6lft am 04.05.2007 aus Highlanders Gino und Anna vom Nienmarkt verstorben am 19.08.2019 Alpha von Wersabe gew\u00f6lft am 27.06.1999 aus Forester\u00b4s Hemingway of Darkmoor und Undine ut Eyther-Land verstorben am 10.07.2010 Anna vom Nienmarkt [&hellip;]","og_url":"https:\/\/www.von-wersabe.de\/?page_id=139","article_modified_time":"2023-03-22T12:31:35+00:00","og_image":[{"url":"https:\/\/www.von-wersabe.de\/wp-content\/uploads\/2021\/03\/start-1.jpg","type":"","width":"","height":""}],"twitter_card":"summary_large_image","twitter_misc":{"Gesch\u00e4tzte Lesezeit":"2\u00a0Minuten"},"schema":{"@context":"https:\/\/schema.org","@graph":[{"@type":"WebPage","@id":"https:\/\/www.von-wersabe.de\/?page_id=139","url":"https:\/\/www.von-wersabe.de\/?page_id=139","name":"In Memoriam -","isPartOf":{"@id":"https:\/\/www.von-wersabe.de\/#website"},"primaryImageOfPage":{"@id":"https:\/\/www.von-wersabe.de\/?page_id=139#primaryimage"},"image":{"@id":"https:\/\/www.von-wersabe.de\/?page_id=139#primaryimage"},"thumbnailUrl":"https:\/\/www.von-wersabe.de\/wp-content\/uploads\/2021\/03\/start-1.jpg","datePublished":"2020-11-06T08:40:02+00:00","dateModified":"2023-03-22T12:31:35+00:00","breadcrumb":{"@id":"https:\/\/www.von-wersabe.de\/?page_id=139#breadcrumb"},"inLanguage":"de","potentialAction":[{"@type":"ReadAction","target":["https:\/\/www.von-wersabe.de\/?page_id=139"]}]},{"@type":"ImageObject","inLanguage":"de","@id":"https:\/\/www.von-wersabe.de\/?page_id=139#primaryimage","url":"https:\/\/www.von-wersabe.de\/wp-content\/uploads\/2021\/03\/start-1.jpg","contentUrl":"https:\/\/www.von-wersabe.de\/wp-content\/uploads\/2021\/03\/start-1.jpg","width":1919,"height":635},{"@type":"BreadcrumbList","@id":"https:\/\/www.von-wersabe.de\/?page_id=139#breadcrumb","itemListElement":[{"@type":"ListItem","position":1,"name":"Startseite","item":"https:\/\/www.von-wersabe.de\/"},{"@type":"ListItem","position":2,"name":"In Memoriam"}]},{"@type":"WebSite","@id":"https:\/\/www.von-wersabe.de\/#website","url":"https:\/\/www.von-wersabe.de\/","name":"von-wersabe.de","description":"","potentialAction":[{"@type":"SearchAction","target":{"@type":"EntryPoint","urlTemplate":"https:\/\/www.von-wersabe.de\/?s={search_term_string}"},"query-input":{"@type":"PropertyValueSpecification","valueRequired":true,"valueName":"search_term_string"}}],"inLanguage":"de"}]}},"_links":{"self":[{"href":"https:\/\/www.von-wersabe.de\/index.php?rest_route=\/wp\/v2\/pages\/139"}],"collection":[{"href":"https:\/\/www.von-wersabe.de\/index.php?rest_route=\/wp\/v2\/pages"}],"about":[{"href":"https:\/\/www.von-wersabe.de\/index.php?rest_route=\/wp\/v2\/types\/page"}],"author":[{"embeddable":true,"href":"https:\/\/www.von-wersabe.de\/index.php?rest_route=\/wp\/v2\/users\/1"}],"replies":[{"embeddable":true,"href":"https:\/\/www.von-wersabe.de\/index.php?rest_route=%2Fwp%2Fv2%2Fcomments&post=139"}],"version-history":[{"count":30,"href":"https:\/\/www.von-wersabe.de\/index.php?rest_route=\/wp\/v2\/pages\/139\/revisions"}],"predecessor-version":[{"id":2623,"href":"https:\/\/www.von-wersabe.de\/index.php?rest_route=\/wp\/v2\/pages\/139\/revisions\/2623"}],"wp:attachment":[{"href":"https:\/\/www.von-wersabe.de\/index.php?rest_route=%2Fwp%2Fv2%2Fmedia&parent=139"}],"curies":[{"name":"wp","href":"https:\/\/api.w.org\/{rel}","templated":true}]}}